{"id":139,"date":"2025-08-12T09:20:24","date_gmt":"2025-08-12T07:20:24","guid":{"rendered":"https:\/\/campus-le-vivier.ch\/?page_id=139"},"modified":"2025-09-30T14:56:00","modified_gmt":"2025-09-30T12:56:00","slug":"anfahrt","status":"publish","type":"page","link":"https:\/\/campus-le-vivier.ch\/de\/informationen\/anfahrt\/","title":{"rendered":"Anfahrt"},"content":{"rendered":"<div data-elementor-type=\"wp-page\" data-elementor-id=\"139\" class=\"elementor elementor-139\" data-elementor-post-type=\"page\">\n\t\t\t\t<div class=\"elementor-element elementor-element-a5a96e8 e-flex e-con-boxed e-con e-parent\" data-id=\"a5a96e8\" data-element_type=\"container\">\n\t\t\t\t\t<div class=\"e-con-inner\">\n\t\t<div class=\"elementor-element elementor-element-34396c3 e-con-full e-flex e-con e-child\" data-id=\"34396c3\" data-element_type=\"container\" data-settings=\"{&quot;background_background&quot;:&quot;classic&quot;}\">\n\t\t\t\t<div class=\"elementor-element elementor-element-3629c10 elementor-widget elementor-widget-google_maps\" data-id=\"3629c10\" data-element_type=\"widget\" data-widget_type=\"google_maps.default\">\n\t\t\t\t\t\t\t<div class=\"elementor-custom-embed\">\n\t\t\t<iframe loading=\"lazy\"\n\t\t\t\t\tsrc=\"https:\/\/maps.google.com\/maps?q=Campus%20Le%20Vivier&#038;t=m&#038;z=10&#038;output=embed&#038;iwloc=near\"\n\t\t\t\t\ttitle=\"Campus Le Vivier\"\n\t\t\t\t\taria-label=\"Campus Le Vivier\"\n\t\t\t><\/iframe>\n\t\t<\/div>\n\t\t\t\t\t\t<\/div>\n\t\t\t\t<div class=\"elementor-element elementor-element-62b51a1 elementor-widget elementor-widget-text-editor\" data-id=\"62b51a1\" data-element_type=\"widget\" data-widget_type=\"text-editor.default\">\n\t\t\t\t\t\t\t\t\t<p class=\"p1\">Hier finden Sie <a href=\"https:\/\/campus-le-vivier.ch\/wp-content\/uploads\/2025\/09\/Plan_Batiments.jpg\">den Lageplan des Campus.<\/a><\/p>\t\t\t\t\t\t\t\t<\/div>\n\t\t\t\t<div class=\"elementor-element elementor-element-e8cdf52 elementor-widget elementor-widget-heading\" data-id=\"e8cdf52\" data-element_type=\"widget\" data-widget_type=\"heading.default\">\n\t\t\t\t\t<h2 class=\"elementor-heading-title elementor-size-default\">Auto<\/h2>\t\t\t\t<\/div>\n\t\t\t\t<div class=\"elementor-element elementor-element-7c4edc3 elementor-widget elementor-widget-text-editor\" data-id=\"7c4edc3\" data-element_type=\"widget\" data-widget_type=\"text-editor.default\">\n\t\t\t\t\t\t\t\t\t<p>Der Campus Le Vivier befindet sich im Industriegebiet Le Vivier in Villaz-St-Pierre. Er ist mit dem Auto und mit \u00f6ffentlichen Verkehrsmitteln gut erreichbar.<\/p><p><a href=\"https:\/\/www.google.com\/maps\/dir\/\/Campus+le+Vivier,+Zone+ind.+du+Vivier+15,+1690+Villaz-Saint-Pierre\/@46.7185845,6.9207048,11961m\/data=!3m1!1e3!4m9!4m8!1m0!1m5!1m1!1s0x478e7b0034cdff99:0x70dc22ce0d8ac880!2m2!1d6.96199!2d46.7185919!3e0?entry=ttu&amp;g_ep=EgoyMDI1MDgxOC4wIKXMDSoASAFQAw%3D%3D\" target=\"_blank\" rel=\"noopener\">Anfahrtsbeschreibung<\/a><\/p>\t\t\t\t\t\t\t\t<\/div>\n\t\t\t\t<div class=\"elementor-element elementor-element-d5f6162 elementor-widget elementor-widget-heading\" data-id=\"d5f6162\" data-element_type=\"widget\" data-widget_type=\"heading.default\">\n\t\t\t\t\t<h3 class=\"elementor-heading-title elementor-size-default\">Parkpl\u00e4tze<\/h3>\t\t\t\t<\/div>\n\t\t\t\t<div class=\"elementor-element elementor-element-864a266 elementor-widget elementor-widget-text-editor\" data-id=\"864a266\" data-element_type=\"widget\" data-widget_type=\"text-editor.default\">\n\t\t\t\t\t\t\t\t\t<p class=\"p1\"><strong>Auto:<\/strong>Das \u00f6ffentliche Parkhaus befindet sich auf der linken Seite, gleich nach der Strasseneinfahrt. Die Parkgeb\u00fchr betr\u00e4gt CHF 1.- pro Stunde, maximal CHF 10.- pro Tag.<\/p><p>Im Folgenden finden Sie n\u00fctzliche Informationen f\u00fcr den Zugang zu den Parkpl\u00e4tzen, die von der VKBZC verwaltet werden. <a href=\"https:\/\/www.fr.ch\/acpc\/parking\" target=\"_blank\" rel=\"noopener\">https:\/\/www.fr.ch\/de\/vkbz\/vkbz-parkplaetze<\/a><\/p><p class=\"p1\"><strong>Motorrad<\/strong>: Der Abstellplatz f\u00fcr Motorr\u00e4der befindet sich entlang des Geb\u00e4udes.<\/p><p class=\"p1\"><strong>Fahrrad:<\/strong>Vor dem Haupteingang steht ein Fahrradabstellplatz zur Verf\u00fcgung.<\/p>\t\t\t\t\t\t\t\t<\/div>\n\t\t\t\t<div class=\"elementor-element elementor-element-80c4cdc elementor-widget__width-initial elementor-widget-tablet__width-inherit elementor-pagination-position-outside elementor-widget elementor-widget-image-carousel\" data-id=\"80c4cdc\" data-element_type=\"widget\" data-settings=\"{&quot;slides_to_show&quot;:&quot;1&quot;,&quot;navigation&quot;:&quot;dots&quot;,&quot;autoplay&quot;:&quot;yes&quot;,&quot;pause_on_hover&quot;:&quot;yes&quot;,&quot;pause_on_interaction&quot;:&quot;yes&quot;,&quot;autoplay_speed&quot;:5000,&quot;infinite&quot;:&quot;yes&quot;,&quot;effect&quot;:&quot;slide&quot;,&quot;speed&quot;:500}\" data-widget_type=\"image-carousel.default\">\n\t\t\t\t\t\t\t<div class=\"elementor-image-carousel-wrapper swiper\" role=\"region\" aria-roledescription=\"carousel\" aria-label=\"Carrousel d\u2019images\" dir=\"ltr\">\n\t\t\t<div class=\"elementor-image-carousel swiper-wrapper\" aria-live=\"off\">\n\t\t\t\t\t\t\t\t<div class=\"swiper-slide\" role=\"group\" aria-roledescription=\"slide\" aria-label=\"1 sur 6\"><figure class=\"swiper-slide-inner\"><img decoding=\"async\" class=\"swiper-slide-image\" src=\"https:\/\/campus-le-vivier.ch\/wp-content\/uploads\/2025\/09\/567A9033-768x512.jpg\" alt=\"567A9033\" \/><\/figure><\/div><div class=\"swiper-slide\" role=\"group\" aria-roledescription=\"slide\" aria-label=\"2 sur 6\"><figure class=\"swiper-slide-inner\"><img decoding=\"async\" class=\"swiper-slide-image\" src=\"https:\/\/campus-le-vivier.ch\/wp-content\/uploads\/2025\/09\/567A9032-768x512.jpg\" alt=\"567A9032\" \/><\/figure><\/div><div class=\"swiper-slide\" role=\"group\" aria-roledescription=\"slide\" aria-label=\"3 sur 6\"><figure class=\"swiper-slide-inner\"><img decoding=\"async\" class=\"swiper-slide-image\" src=\"https:\/\/campus-le-vivier.ch\/wp-content\/uploads\/2025\/09\/567A9041-768x512.jpg\" alt=\"567A9041\" \/><\/figure><\/div><div class=\"swiper-slide\" role=\"group\" aria-roledescription=\"slide\" aria-label=\"4 sur 6\"><figure class=\"swiper-slide-inner\"><img decoding=\"async\" class=\"swiper-slide-image\" src=\"https:\/\/campus-le-vivier.ch\/wp-content\/uploads\/2025\/09\/567A8961-768x512.jpg\" alt=\"567A8961\" \/><\/figure><\/div><div class=\"swiper-slide\" role=\"group\" aria-roledescription=\"slide\" aria-label=\"5 sur 6\"><figure class=\"swiper-slide-inner\"><img decoding=\"async\" class=\"swiper-slide-image\" src=\"https:\/\/campus-le-vivier.ch\/wp-content\/uploads\/2025\/09\/567A8967-768x512.jpg\" alt=\"567A8967\" \/><\/figure><\/div><div class=\"swiper-slide\" role=\"group\" aria-roledescription=\"slide\" aria-label=\"6 sur 6\"><figure class=\"swiper-slide-inner\"><img decoding=\"async\" class=\"swiper-slide-image\" src=\"https:\/\/campus-le-vivier.ch\/wp-content\/uploads\/2025\/09\/567A9036-768x512.jpg\" alt=\"567A9036\" \/><\/figure><\/div>\t\t\t<\/div>\n\t\t\t\t\t\t\t\n\t\t\t\t\t\t\t\t\t<div class=\"swiper-pagination\"><\/div>\n\t\t\t\t\t\t\t\t\t<\/div>\n\t\t\t\t\t\t<\/div>\n\t\t\t\t<\/div>\n\t\t<div class=\"elementor-element elementor-element-7f3775f e-con-full e-flex e-con e-child\" data-id=\"7f3775f\" data-element_type=\"container\" data-settings=\"{&quot;background_background&quot;:&quot;classic&quot;}\">\n\t\t\t\t<div class=\"elementor-element elementor-element-851ac26 elementor-widget elementor-widget-heading\" data-id=\"851ac26\" data-element_type=\"widget\" data-widget_type=\"heading.default\">\n\t\t\t\t\t<h2 class=\"elementor-heading-title elementor-size-default\">Zug<\/h2>\t\t\t\t<\/div>\n\t\t\t\t<div class=\"elementor-element elementor-element-c298d71 elementor-widget elementor-widget-text-editor\" data-id=\"c298d71\" data-element_type=\"widget\" data-widget_type=\"text-editor.default\">\n\t\t\t\t\t\t\t\t\t<p>Der Bahnhof Villaz-St-Pierre ist weniger als 10 Gehminuten entfernt.<\/p>\t\t\t\t\t\t\t\t<\/div>\n\t\t\t\t<div class=\"elementor-element elementor-element-c3c80a7 elementor-align-left elementor-widget elementor-widget-button\" data-id=\"c3c80a7\" data-element_type=\"widget\" data-widget_type=\"button.default\">\n\t\t\t\t\t\t\t\t\t\t<a class=\"elementor-button elementor-button-link elementor-size-sm\" href=\"https:\/\/www.sbb.ch\/fr?stops=%5B%22label%22:%22%22,%22type%22:%22ID%22,%22value%22:%22%22,%22value%22:%228570493%22,%22type%22:%22ID%22,%22label%22:%22Villaz-St-Pierre,+gare%22%5D&#038;date=%222025-08-21%22&#038;time=%2215:50%22&#038;moment=%22DEPARTURE%22\" target=\"_blank\" rel=\"noopener\">\n\t\t\t\t\t\t<span class=\"elementor-button-content-wrapper\">\n\t\t\t\t\t\t<span class=\"elementor-button-icon\">\n\t\t\t\t<svg xmlns=\"http:\/\/www.w3.org\/2000\/svg\" id=\"Ebene_2\" data-name=\"Ebene 2\" viewbox=\"0 0 28.88 57.77\"><defs><style>      .cls-1 {        fill: #fff;      }    <\/style><\/defs><g id=\"Ebene_1-2\" data-name=\"Ebene 1\"><polygon class=\"cls-1\" points=\"0 0 0 28.88 0 57.77 28.88 28.88 0 0\"><\/polygon><\/g><\/svg>\t\t\t<\/span>\n\t\t\t\t\t\t\t\t\t<span class=\"elementor-button-text\">Zeitplan SBB<\/span>\n\t\t\t\t\t<\/span>\n\t\t\t\t\t<\/a>\n\t\t\t\t\t\t\t\t<\/div>\n\t\t\t\t<\/div>\n\t\t<div class=\"elementor-element elementor-element-d2ec7ef e-con-full e-flex e-con e-child\" data-id=\"d2ec7ef\" data-element_type=\"container\" data-settings=\"{&quot;background_background&quot;:&quot;classic&quot;}\">\n\t\t\t\t<div class=\"elementor-element elementor-element-a062423 elementor-widget elementor-widget-heading\" data-id=\"a062423\" data-element_type=\"widget\" data-widget_type=\"heading.default\">\n\t\t\t\t\t<h2 class=\"elementor-heading-title elementor-size-default\">Bus<\/h2>\t\t\t\t<\/div>\n\t\t\t\t<div class=\"elementor-element elementor-element-f693e70 elementor-widget elementor-widget-text-editor\" data-id=\"f693e70\" data-element_type=\"widget\" data-widget_type=\"text-editor.default\">\n\t\t\t\t\t\t\t\t\t<p>Die n\u00e4chstgelegene Bushaltestelle heisst \u201eVillaz-St-Pierre, Le Vivier\u201d<\/p>\t\t\t\t\t\t\t\t<\/div>\n\t\t\t\t<\/div>\n\t\t\t\t\t<\/div>\n\t\t\t\t<\/div>\n\t\t\t\t<\/div>","protected":false},"excerpt":{"rendered":"<p>Retrouvez le plan du site du Campus Voiture Le Campus Le Vivier est situ\u00e9 dans la zone industrielle du Vivier \u00e0 Villaz-St-Pierre. Il est facilement accessible en voiture et en transports en commun. Itin\u00e9raire Parking Voiture\u2009: Le parking public du Silo se trouve \u00e0 gauche en entrant dans la rue. Son prix est de 1.- [&hellip;]<\/p>","protected":false},"author":1,"featured_media":1379,"parent":137,"menu_order":6,"comment_status":"closed","ping_status":"closed","template":"","meta":{"footnotes":""},"class_list":["post-139","page","type-page","status-publish","has-post-thumbnail","hentry"],"_links":{"self":[{"href":"https:\/\/campus-le-vivier.ch\/de\/wp-json\/wp\/v2\/pages\/139","targetHints":{"allow":["GET"]}}],"collection":[{"href":"https:\/\/campus-le-vivier.ch\/de\/wp-json\/wp\/v2\/pages"}],"about":[{"href":"https:\/\/campus-le-vivier.ch\/de\/wp-json\/wp\/v2\/types\/page"}],"author":[{"embeddable":true,"href":"https:\/\/campus-le-vivier.ch\/de\/wp-json\/wp\/v2\/users\/1"}],"replies":[{"embeddable":true,"href":"https:\/\/campus-le-vivier.ch\/de\/wp-json\/wp\/v2\/comments?post=139"}],"version-history":[{"count":50,"href":"https:\/\/campus-le-vivier.ch\/de\/wp-json\/wp\/v2\/pages\/139\/revisions"}],"predecessor-version":[{"id":2435,"href":"https:\/\/campus-le-vivier.ch\/de\/wp-json\/wp\/v2\/pages\/139\/revisions\/2435"}],"up":[{"embeddable":true,"href":"https:\/\/campus-le-vivier.ch\/de\/wp-json\/wp\/v2\/pages\/137"}],"wp:featuredmedia":[{"embeddable":true,"href":"https:\/\/campus-le-vivier.ch\/de\/wp-json\/wp\/v2\/media\/1379"}],"wp:attachment":[{"href":"https:\/\/campus-le-vivier.ch\/de\/wp-json\/wp\/v2\/media?parent=139"}],"curies":[{"name":"wp","href":"https:\/\/api.w.org\/{rel}","templated":true}]}}